{"id":5148,"date":"2020-08-31T08:30:06","date_gmt":"2020-08-31T08:30:06","guid":{"rendered":"https:\/\/interreg-comdur.eu\/politica-de-privacidad\/"},"modified":"2020-09-15T10:18:52","modified_gmt":"2020-09-15T10:18:52","slug":"confidentialite","status":"publish","type":"page","link":"https:\/\/interreg-comdur.eu\/fr\/confidentialite\/","title":{"rendered":"Politique de confidentialit\u00e9"},"content":{"rendered":"<section class=\"av_textblock_section \"  itemscope=\"itemscope\" itemtype=\"https:\/\/schema.org\/CreativeWork\" ><div class='avia_textblock  '   itemprop=\"text\" ><h4><strong>D\u00c9CLARATION \u00a0DE CONFIDENTIALIT<\/strong><strong>\u00c9<\/strong><\/h4>\n<p>Est d\u00e9velopp\u00e9, ci-apr\u00e8s, le devoir d\u2019information, conform\u00e9ment \u00e0 ce qui est \u00e9tabli dans l\u2019article 13 du R\u00e8glement G\u00e9n\u00e9ral sur la Protection des Donn\u00e9es.<\/p>\n<p>Par le biais de cette d\u00e9claration de confidentialit\u00e9, nous informons les citoyens, les titulaires de donn\u00e9es personnelles des aspects sp\u00e9cifiques li\u00e9s au traitement de leurs donn\u00e9es, la finalit\u00e9 du traitement de ces donn\u00e9es, les coordonn\u00e9es pour l\u2019exercice de leurs droits, la dur\u00e9e de conservation des donn\u00e9es, les normes qui nous accordent la l\u00e9gitimit\u00e9 pour traiter ces donn\u00e9es et le partage des donn\u00e9es collect\u00e9es, entre autres.<\/p>\n<h4><strong>INFORMATION G\u00c9N\u00c9RALE<\/strong><\/h4>\n<p><strong>RESPONSABLE DU TRAITEMENT DES DONN\u00c9ES <\/strong><\/p>\n<ul>\n<li>Identit\u00e9 : Mairie de Pampelune<\/li>\n<li>SIRET (CIF) : P3120100G<\/li>\n<li>Si\u00e8ge social : Plaza Consistorial, s\/n \u2013 31001 PAMPELUNE (Navarre)<\/li>\n<li>Web : www.interreg-core.eu<\/li>\n<li>DPD: <a href=\"mailto:protecciondedatos@pamplona.es\">protecciondedatos@pamplona.es<\/a><\/li>\n<\/ul>\n<p><strong>FINALIT\u00c9, LEGITIMIT\u00c9 ET DESTINATAIRES <\/strong><\/p>\n<p>La Mairie de Pampelune informe les citoyens de la finalit\u00e9 de la collecte des donn\u00e9es personnelles, sa l\u00e9gitimit\u00e9 pour le traitement des dites donn\u00e9es et si ces donn\u00e9es personnelles vont \u00eatre partag\u00e9es avec des tiers, entit\u00e9s ou organismes.<\/p>\n<p><strong>CONTACT <\/strong><\/p>\n<p><u>Finalit\u00e9<\/u> : Si l\u2019utilisateur compl\u00e8te le formulaire de contact, les donn\u00e9es seront utilis\u00e9es pour r\u00e9pondre \u00e0 la requ\u00eate ou au commentaire r\u00e9dig\u00e9, et pour disposer des informations n\u00e9cessaires \u00e0 l\u2019envoi de la r\u00e9ponse.<\/p>\n<p><u>Dur\u00e9e de conservation des donn\u00e9es <\/u>: Les donn\u00e9es seront conserv\u00e9es le temps n\u00e9cessaire \u00e0 l\u2019accomplissement de la finalit\u00e9 pr\u00e9c\u00e9demment indiqu\u00e9e et seront stock\u00e9es tant que l\u2019organisme est responsable de leur traitement. De m\u00eame nous respecterons les normes d\u2019archivage des donn\u00e9es personnelles.<\/p>\n<p><u>L\u00e9gitimit\u00e9 <\/u>: Mission d\u2019int\u00e9r\u00eat public.<\/p>\n<p><u>Destinataires des donn\u00e9es collect\u00e9es <\/u>: Les donn\u00e9es collect\u00e9es pourront \u00eatre partag\u00e9es avec les autres partenaires du projet.<\/p>\n<p><strong>INSCRIPTION \u00c0 LA LETTRE D\u2019INFORMATION \u00a0<\/strong><\/p>\n<p><u>Finalit\u00e9<\/u> : Les donn\u00e9es personnelles collect\u00e9es seront utilis\u00e9es pour l\u2019envoi de la Lettre d\u2019information.<\/p>\n<p><u>Dur\u00e9e de conservation des donn\u00e9es <\/u>: Les donn\u00e9es seront conserv\u00e9es le temps n\u00e9cessaire \u00e0 l\u2019accomplissement de la finalit\u00e9 pr\u00e9c\u00e9demment indiqu\u00e9e et seront stock\u00e9es tant que l\u2019organisme est responsable de leur traitement.<\/p>\n<p><u>L\u00e9gitimit\u00e9 <\/u>: Consentement.<\/p>\n<p><u>Destinataires des donn\u00e9es collect\u00e9es <\/u>: Les donn\u00e9es ne seront pas partag\u00e9es, sauf obligation l\u00e9gale ou si le partage est n\u00e9cessaire pour accomplir la finalit\u00e9.<\/p>\n<p><strong>MINEURS<\/strong><\/p>\n<p>Les mineurs de 14 ans ne sont pas autoris\u00e9s \u00e0 divulguer leurs donn\u00e9es personnelles, ni par le biais des formulaires de contact ou ceux sollicitant des services, ni par l\u2019envoi de courriels.<\/p>\n<p>En cons\u00e9quence, les personnes transmettant leurs donn\u00e9es personnelles par ces biais-l\u00e0, attestent formellement avoir plus de 14 ans ou \u00e0 d\u00e9faut, avoir l\u2019autorisation ad\u00e9quate du p\u00e8re, de la m\u00e8re et\/ ou des tuteurs l\u00e9gaux.<\/p>\n<p><strong>DROITS <\/strong><\/p>\n<p>Les normes en mati\u00e8re de protection des donn\u00e9es octroient une s\u00e9rie de droits aux personnes concern\u00e9es ou titulaires des donn\u00e9es, utilisatrices du site web.<\/p>\n<p>Les droits qui prot\u00e8gent les personnes concern\u00e9es sont :<\/p>\n<ul>\n<li><u>Droit d\u2019acc\u00e8s <\/u>: droit d\u2019obtenir des informations sur le traitement des donn\u00e9es les concernant, les cat\u00e9gories de donn\u00e9es en question, les destinataires ou cat\u00e9gories de destinataires, la dur\u00e9e de conservation et leur source.<\/li>\n<li><u>Droit de rectification <\/u>: droit d\u2019obtenir la rectification des donn\u00e9es \u00e0 caract\u00e8re personnel inexactes ou incompl\u00e8tes.<\/li>\n<li><u>Droit \u00e0 l\u2019effacement <\/u>: droit d\u2019obtenir l\u2019effacement des donn\u00e9es, lorsque un des motifs suivants s\u2019applique :\n<ul>\n<li>Quand ils ne sont plus n\u00e9cessaires au regard des finalit\u00e9s pour lesquelles elles ont \u00e9t\u00e9 collect\u00e9es<\/li>\n<li>Quand\u00a0 la personne concern\u00e9e retire son \u00a0consentement<\/li>\n<li>Quand la personne concern\u00e9e \u00a0s\u2019oppose au traitement<\/li>\n<li>Quand les donn\u00e9es doivent \u00eatre effac\u00e9es pour respecter une obligation l\u00e9gale<\/li>\n<li>Quand les donn\u00e9es ont \u00e9t\u00e9 collect\u00e9es dans le cadre d\u2019une offre de services de la soci\u00e9t\u00e9 de l\u2019information vis\u00e9e \u00e0 l\u2019article 8, paragraphe 1 du RGPD.<\/li>\n<\/ul>\n<\/li>\n<\/ul>\n<ul>\n<li><u>Droit d\u2019opposition <\/u>: droit de s\u2019opposer au traitement de ses donn\u00e9es par l\u2019organisme responsable. Ce droit n\u2019est pas absolu, ce qui implique que l\u2019organisme responsable du traitement pourra continuer \u00e0 traiter les donn\u00e9es s\u2019il est en mesure de prouver que des motifs l\u00e9gitimes pr\u00e9valent sur les int\u00e9r\u00eats ou droits de la personne concern\u00e9e ou dans le cas de devoir formuler, exercer ou d\u00e9fendre des r\u00e9clamations.<\/li>\n<li><u>Droit \u00e0 la\u00a0 limitation<\/u> : droit d\u2019obtenir la limitation du traitement des donn\u00e9es, lorsqu\u2019un des motifs suivants s\u2019applique :\n<ul>\n<li>Quand la personne concern\u00e9e conteste l\u2019exactitude des donn\u00e9es \u00e0 caract\u00e8re personnel, pendant une dur\u00e9e permettant au responsable de v\u00e9rifier leur exactitude.<\/li>\n<li>Quand le traitement est illicite et la personne concern\u00e9e s\u2019oppose \u00e0 leur effacement.<\/li>\n<li>Quand l\u2019organisme responsable n\u2019a plus besoin des donn\u00e9es aux fins du traitement pour lesquelles elles ont \u00e9t\u00e9 collect\u00e9es, mais celles-ci sont encore n\u00e9cessaires pour la constatation, l\u2019exercice ou la d\u00e9fense de droits en justice.<\/li>\n<li>Quand la personne concern\u00e9e s\u2019est oppos\u00e9e au traitement, pendant la v\u00e9rification portant sur le point de savoir si les motifs l\u00e9gitimes poursuivis par le responsable pr\u00e9valaient sur ceux de la personne concern\u00e9e.<\/li>\n<\/ul>\n<\/li>\n<li>Droit \u00e0 pr\u00e9senter une r\u00e9clamation aupr\u00e8s de l\u2019autorit\u00e9 de contr\u00f4le comp\u00e9tente aupr\u00e8s de l\u2019Agence Espagnole de Protection des Donn\u00e9es par \u00e9crit adress\u00e9 \u00e0 C\/ Jorge Juan, 6, 28001 (Madrid) ou par le biais de leur portail num\u00e9rique \u00a0<a href=\"http:\/\/www.agpd.es\">www.agpd.es<\/a>.<\/li>\n<\/ul>\n<p>Les personnes int\u00e9ress\u00e9es pourront exercer les droits pr\u00e9c\u00e9demment cit\u00e9s, aupr\u00e8s du Registre G\u00e9n\u00e9ral de la Mairie de Pampelune, C\/Mayor 2, de Pamplona ou par le biais de son portail num\u00e9rique pamplona.es<\/p>\n<\/div><\/section>\n","protected":false},"excerpt":{"rendered":"","protected":false},"author":7,"featured_media":0,"parent":0,"menu_order":0,"comment_status":"closed","ping_status":"closed","template":"","meta":{"footnotes":""},"class_list":["post-5148","page","type-page","status-publish","hentry"],"yoast_head":"<!-- This site is optimized with the Yoast SEO plugin v27.4 - https:\/\/yoast.com\/product\/yoast-seo-wordpress\/ -->\n<title>Politique de confidentialit\u00e9 - Interreg | Comdur<\/title>\n<meta name=\"robots\" content=\"index, follow, max-snippet:-1, max-image-preview:large, max-video-preview:-1\" \/>\n<link rel=\"canonical\" href=\"https:\/\/interreg-comdur.eu\/fr\/confidentialite\/\" \/>\n<meta property=\"og:locale\" content=\"fr_FR\" \/>\n<meta property=\"og:type\" content=\"article\" \/>\n<meta property=\"og:title\" content=\"Politique de confidentialit\u00e9 - Interreg | Comdur\" \/>\n<meta property=\"og:url\" content=\"https:\/\/interreg-comdur.eu\/fr\/confidentialite\/\" \/>\n<meta property=\"og:site_name\" content=\"Interreg | Comdur\" \/>\n<meta property=\"article:modified_time\" content=\"2020-09-15T10:18:52+00:00\" \/>\n<meta name=\"twitter:card\" content=\"summary_large_image\" \/>\n<meta name=\"twitter:label1\" content=\"Dur\u00e9e de lecture estim\u00e9e\" \/>\n\t<meta name=\"twitter:data1\" content=\"5 minutes\" \/>\n<script type=\"application\/ld+json\" class=\"yoast-schema-graph\">{\"@context\":\"https:\\\/\\\/schema.org\",\"@graph\":[{\"@type\":\"WebPage\",\"@id\":\"https:\\\/\\\/interreg-comdur.eu\\\/fr\\\/confidentialite\\\/\",\"url\":\"https:\\\/\\\/interreg-comdur.eu\\\/fr\\\/confidentialite\\\/\",\"name\":\"Politique de confidentialit\u00e9 - Interreg | Comdur\",\"isPartOf\":{\"@id\":\"https:\\\/\\\/interreg-comdur.eu\\\/fr\\\/#website\"},\"datePublished\":\"2020-08-31T08:30:06+00:00\",\"dateModified\":\"2020-09-15T10:18:52+00:00\",\"breadcrumb\":{\"@id\":\"https:\\\/\\\/interreg-comdur.eu\\\/fr\\\/confidentialite\\\/#breadcrumb\"},\"inLanguage\":\"fr-FR\",\"potentialAction\":[{\"@type\":\"ReadAction\",\"target\":[\"https:\\\/\\\/interreg-comdur.eu\\\/fr\\\/confidentialite\\\/\"]}]},{\"@type\":\"BreadcrumbList\",\"@id\":\"https:\\\/\\\/interreg-comdur.eu\\\/fr\\\/confidentialite\\\/#breadcrumb\",\"itemListElement\":[{\"@type\":\"ListItem\",\"position\":1,\"name\":\"Portada\",\"item\":\"https:\\\/\\\/interreg-comdur.eu\\\/fr\\\/\"},{\"@type\":\"ListItem\",\"position\":2,\"name\":\"Politique de confidentialit\u00e9\"}]},{\"@type\":\"WebSite\",\"@id\":\"https:\\\/\\\/interreg-comdur.eu\\\/fr\\\/#website\",\"url\":\"https:\\\/\\\/interreg-comdur.eu\\\/fr\\\/\",\"name\":\"Interreg | Comdur\",\"description\":\"Interreg | Comdur\",\"potentialAction\":[{\"@type\":\"SearchAction\",\"target\":{\"@type\":\"EntryPoint\",\"urlTemplate\":\"https:\\\/\\\/interreg-comdur.eu\\\/fr\\\/?s={search_term_string}\"},\"query-input\":{\"@type\":\"PropertyValueSpecification\",\"valueRequired\":true,\"valueName\":\"search_term_string\"}}],\"inLanguage\":\"fr-FR\"}]}<\/script>\n<!-- \/ Yoast SEO plugin. -->","yoast_head_json":{"title":"Politique de confidentialit\u00e9 - Interreg | Comdur","robots":{"index":"index","follow":"follow","max-snippet":"max-snippet:-1","max-image-preview":"max-image-preview:large","max-video-preview":"max-video-preview:-1"},"canonical":"https:\/\/interreg-comdur.eu\/fr\/confidentialite\/","og_locale":"fr_FR","og_type":"article","og_title":"Politique de confidentialit\u00e9 - Interreg | Comdur","og_url":"https:\/\/interreg-comdur.eu\/fr\/confidentialite\/","og_site_name":"Interreg | Comdur","article_modified_time":"2020-09-15T10:18:52+00:00","twitter_card":"summary_large_image","twitter_misc":{"Dur\u00e9e de lecture estim\u00e9e":"5 minutes"},"schema":{"@context":"https:\/\/schema.org","@graph":[{"@type":"WebPage","@id":"https:\/\/interreg-comdur.eu\/fr\/confidentialite\/","url":"https:\/\/interreg-comdur.eu\/fr\/confidentialite\/","name":"Politique de confidentialit\u00e9 - Interreg | Comdur","isPartOf":{"@id":"https:\/\/interreg-comdur.eu\/fr\/#website"},"datePublished":"2020-08-31T08:30:06+00:00","dateModified":"2020-09-15T10:18:52+00:00","breadcrumb":{"@id":"https:\/\/interreg-comdur.eu\/fr\/confidentialite\/#breadcrumb"},"inLanguage":"fr-FR","potentialAction":[{"@type":"ReadAction","target":["https:\/\/interreg-comdur.eu\/fr\/confidentialite\/"]}]},{"@type":"BreadcrumbList","@id":"https:\/\/interreg-comdur.eu\/fr\/confidentialite\/#breadcrumb","itemListElement":[{"@type":"ListItem","position":1,"name":"Portada","item":"https:\/\/interreg-comdur.eu\/fr\/"},{"@type":"ListItem","position":2,"name":"Politique de confidentialit\u00e9"}]},{"@type":"WebSite","@id":"https:\/\/interreg-comdur.eu\/fr\/#website","url":"https:\/\/interreg-comdur.eu\/fr\/","name":"Interreg | Comdur","description":"Interreg | Comdur","potentialAction":[{"@type":"SearchAction","target":{"@type":"EntryPoint","urlTemplate":"https:\/\/interreg-comdur.eu\/fr\/?s={search_term_string}"},"query-input":{"@type":"PropertyValueSpecification","valueRequired":true,"valueName":"search_term_string"}}],"inLanguage":"fr-FR"}]}},"_links":{"self":[{"href":"https:\/\/interreg-comdur.eu\/fr\/wp-json\/wp\/v2\/pages\/5148","targetHints":{"allow":["GET"]}}],"collection":[{"href":"https:\/\/interreg-comdur.eu\/fr\/wp-json\/wp\/v2\/pages"}],"about":[{"href":"https:\/\/interreg-comdur.eu\/fr\/wp-json\/wp\/v2\/types\/page"}],"author":[{"embeddable":true,"href":"https:\/\/interreg-comdur.eu\/fr\/wp-json\/wp\/v2\/users\/7"}],"replies":[{"embeddable":true,"href":"https:\/\/interreg-comdur.eu\/fr\/wp-json\/wp\/v2\/comments?post=5148"}],"version-history":[{"count":2,"href":"https:\/\/interreg-comdur.eu\/fr\/wp-json\/wp\/v2\/pages\/5148\/revisions"}],"predecessor-version":[{"id":5477,"href":"https:\/\/interreg-comdur.eu\/fr\/wp-json\/wp\/v2\/pages\/5148\/revisions\/5477"}],"wp:attachment":[{"href":"https:\/\/interreg-comdur.eu\/fr\/wp-json\/wp\/v2\/media?parent=5148"}],"curies":[{"name":"wp","href":"https:\/\/api.w.org\/{rel}","templated":true}]}}